{"id":603,"date":"2022-09-19T14:52:44","date_gmt":"2022-09-19T12:52:44","guid":{"rendered":"https:\/\/magisavenir.com\/contacto\/"},"modified":"2025-06-18T12:37:49","modified_gmt":"2025-06-18T10:37:49","slug":"contacto","status":"publish","type":"page","link":"https:\/\/magisavenir.com\/es\/contacto\/","title":{"rendered":"Contacto"},"content":{"rendered":"\n<div class=\"row\"  id=\"row-812846916\">\n\n\n\t<div id=\"col-265487601\" class=\"col small-12 large-12\"  >\n\t\t\t\t<div class=\"col-inner\"  >\n\t\t\t\n\t\t\t\n\n<div class=\"container section-title-container\" ><h1 class=\"section-title section-title-normal\"><b><\/b><span class=\"section-title-main\" >\u00bfUn proyecto ambicioso? \u00bfGanas de hacer crecer su negocio de otra manera? Hablemos de ello.  <\/span><b><\/b><\/h1><\/div>\n\n<p>Bienvenido\/a a MagisAvenir. Este formulario es el primer paso para transformar su visi\u00f3n internacional en acciones concretas. Ya sea que tenga un concepto que desplegar geogr\u00e1ficamente o un nuevo proyecto que hacer crecer, ser\u00e1 un placer descubrirnos.  <\/p>\n\n\t\t<\/div>\n\t\t\t\t\n<style>\n#col-265487601 > .col-inner {\n  margin: 100px 0px 0px 0px;\n}\n<\/style>\n\t<\/div>\n\n\t\n\n<\/div>\n\n  <div class=\"banner has-hover\" id=\"banner-405392670\">\n          <div class=\"banner-inner fill\">\n        <div class=\"banner-bg fill\" >\n            <img loading=\"lazy\" decoding=\"async\" width=\"1020\" height=\"680\" src=\"https:\/\/magisavenir.com\/wp-content\/uploads\/2023\/11\/PHOTO-UP-20220918-DARY-1-1024x683.jpg\" class=\"bg attachment-large size-large\" alt=\"Tatiana Dary\" \/>                        <div class=\"overlay\"><\/div>            \n                    <\/div>\n\t\t\n        <div class=\"banner-layers container\">\n            <div class=\"fill banner-link\"><\/div>            \n\n   <div id=\"text-box-407991321\" class=\"text-box banner-layer x0 md-x0 lg-x0 y50 md-y50 lg-y50 res-text\">\n                                <div class=\"text-box-content text box-shadow-3\">\n              \n              <div class=\"text-inner text-left\">\n                  \n\n\t<div id=\"text-2192826401\" class=\"text\">\n\t\t\n\n<h2 class=\"uppercase\"><strong>Contacten <br>Tatiana Dary<\/strong><\/h2>\n<h3>Fundadora de MagisAvenir<\/h3>\n<p><span style=\"font-weight: 400;\">\ud83d\udccd Con base en Par\u00eds, activa en Francia y Espa\u00f1a <\/span><span style=\"font-weight: 400;\"><br><\/span><span style=\"font-weight: 400;\">\ud83d\udcc5 De lunes a viernes, de 10h a 17h (hora de Par\u00eds)<\/span><\/p>\n\t\t\n<style>\n#text-2192826401 {\n  font-size: 0.85rem;\n}\n<\/style>\n\t<\/div>\n\t\n<a href=\"mailto:tatiana.dary@magisavenir.com\" class=\"button primary\"  >\n\t\t<span>EMAIL<\/span>\n\t<i class=\"icon-envelop\" aria-hidden=\"true\" ><\/i><\/a>\n\n\n<a class=\"button primary is-outline\"  >\n\t\t<span>+33 6 58 02 35 86<\/span>\n\t<i class=\"icon-phone\" aria-hidden=\"true\" ><\/i><\/a>\n\n\n\n              <\/div>\n           <\/div>\n                            \n<style>\n#text-box-407991321 .text-box-content {\n  background-color: rgba(255, 255, 255, 0.698);\n  font-size: 100%;\n}\n#text-box-407991321 .text-inner {\n  padding: 30px 30px 30px 30px;\n}\n#text-box-407991321 {\n  width: 60%;\n}\n@media (min-width:550px) {\n  #text-box-407991321 {\n    width: 39%;\n  }\n}\n<\/style>\n    <\/div>\n \n   <div id=\"text-box-1065450976\" class=\"text-box banner-layer x100 md-x100 lg-x100 y50 md-y50 lg-y50 res-text\">\n                                <div class=\"text-box-content text box-shadow-3\">\n              \n              <div class=\"text-inner text-left\">\n                  \n\n\t<div class=\"img has-hover x md-x lg-x y md-y lg-y\" id=\"image_1545143364\">\n\t\t\t\t\t\t\t\t<div class=\"img-inner dark\" >\n\t\t\t<img loading=\"lazy\" decoding=\"async\" width=\"768\" height=\"166\" src=\"https:\/\/magisavenir.com\/wp-content\/uploads\/2025\/05\/Diseno-sin-titulo-1-768x166-1.png\" class=\"attachment-original size-original\" alt=\"Happiness Foundation logo\" srcset=\"https:\/\/magisavenir.com\/wp-content\/uploads\/2025\/05\/Diseno-sin-titulo-1-768x166-1.png 768w, https:\/\/magisavenir.com\/wp-content\/uploads\/2025\/05\/Diseno-sin-titulo-1-768x166-1-300x65.png 300w\" sizes=\"auto, (max-width: 768px) 100vw, 768px\" \/>\t\t\t\t\t\t\t<div class=\"overlay\" style=\"background-color: rgba(0, 0, 0, 0.012)\"><\/div>\n\t\t\t\t\t\t\n\t\t\t\t\t<\/div>\n\t\t\t\t\t\t\t\t\n<style>\n#image_1545143364 {\n  width: 60%;\n}\n<\/style>\n\t<\/div>\n\t\n\n\t<div id=\"text-1518657958\" class=\"text\">\n\t\t\n\n<h3>Un puente franco-hisp\u00e1nico<\/h3>\n<p>Como delegada oficial Francia de la AEMME (<a href=\"https:\/\/www.asociacionmicroempresas.com\/delegacion-francia\/\" target=\"_blank\" rel=\"noopener\">Asociaci\u00f3n Espa\u00f1ola Multisectorial de Microempresas<\/a>), act\u00fao para tejer puentes s\u00f3lidos entre los emprensarios franceses y los ecosistemas hispanohablantes (Espa\u00f1a, Am\u00e9rica Latina).<\/p>\n<p><strong>\u00bfNuestro objetivo?<\/strong><br>Federar una red din\u00e1mica de empresarios, microempresas y PYMES comprometidos en Francia, en busca de:<\/p>\n<ul>\n<li>Ganar visibilidad a nivel internacional<\/li>\n<li>Contribuir a una red solidaria y multisectorial<\/li>\n<li>Crear sub-delegaciones regionales y tem\u00e1ticas de expertos<\/li>\n<li>Desarrollar oportunidades de negocio y alianzas entre pa\u00edses<\/li>\n<li>Ser puestos en contacto con actores econ\u00f3micos clave de Francia, Espa\u00f1a y Am\u00e9rica Latina<\/li>\n<\/ul>\n<p>\u00bfDesea unirse a AEMME (Francia), o simplemente saber m\u00e1s sobre las oportunidades de la red? Pong\u00e1monos en contacto y exploremos juntos los puentes por construir. <\/p>\n\t\t\n<style>\n#text-1518657958 {\n  font-size: 0.85rem;\n}\n<\/style>\n\t<\/div>\n\t\n<a href=\"mailto:tatiana.dary@magisavenir.com\" class=\"button primary\"  >\n\t\t<span>CONT\u00c1CTEME POR EMAIL<\/span>\n\t<i class=\"icon-envelop\" aria-hidden=\"true\" ><\/i><\/a>\n\n\n\n              <\/div>\n           <\/div>\n                            \n<style>\n#text-box-1065450976 {\n  margin: 0px 0px 0px 0px;\n  width: 60%;\n}\n#text-box-1065450976 .text-box-content {\n  background-color: rgba(255, 255, 255, 0.669);\n  font-size: 100%;\n}\n#text-box-1065450976 .text-inner {\n  padding: 30px 50px 30px 50px;\n}\n@media (min-width:550px) {\n  #text-box-1065450976 {\n    width: 58%;\n  }\n}\n<\/style>\n    <\/div>\n \n\n        <\/div>\n      <\/div>\n\n            \n<style>\n#banner-405392670 {\n  padding-top: 900px;\n  background-color: rgb(255, 255, 255);\n}\n#banner-405392670 .overlay {\n  background-color: rgba(190, 190, 190, 0.483);\n}\n<\/style>\n  <\/div>\n\n\n\n\n<!-- D\u00e9but de widget en ligne Calendly -->\n<div class=\"calendly-inline-widget\" data-url=\"https:\/\/calendly.com\/magisavenir?hide_gdpr_banner=1&amp;text_color=2a7bb7&amp;primary_color=e76b20\" style=\"min-width:320px;height:630px;\"><\/div>\n<script type=\"text\/javascript\" src=\"https:\/\/assets.calendly.com\/assets\/external\/widget.js\" async=\"\"><\/script>\n<!-- Fin de widget en ligne Calendly -->\n\n<div class=\"row\"  id=\"row-1945231386\">\n\n\n\t<div id=\"col-2055444012\" class=\"col small-12 large-12\"  >\n\t\t\t\t<div class=\"col-inner\"  >\n\t\t\t\n\t\t\t\n\n<div class=\"container section-title-container\" ><h2 class=\"section-title section-title-normal\"><b><\/b><span class=\"section-title-main\" ><i class=\"icon-chat\" ><\/i>FAQ<\/span><b><\/b><\/h2><\/div>\n\n<div class=\"accordion\">\n\n\t<div id=\"accordion-827457296\" class=\"accordion-item\">\n\t\t<a id=\"accordion-827457296-label\" class=\"accordion-title plain\" href=\"#accordion-item-\u00bfqu\u00e9-tipos-de-empresas-acompa\u00f1an?\" aria-expanded=\"false\" aria-controls=\"accordion-827457296-content\" >\n\t\t\t<button class=\"toggle\" aria-label=\"Toggle\"><i class=\"icon-angle-down\"><\/i><\/button>\n\t\t\t<span>\u00bfQu\u00e9 tipos de empresas acompa\u00f1an?<\/span>\n\t\t<\/a>\n\t\t<div id=\"accordion-827457296-content\" class=\"accordion-inner\" aria-labelledby=\"accordion-827457296-label\" >\n\t\t\t\n\n<p>Principalmente PYMES, scale-ups, y proyectos singulares de impacto positivo en fase de impulso o expansi\u00f3n de grupos multinacionales.<\/p>\n\n\t\t<\/div>\n\t<\/div>\n\t\n\n<\/div>\n<div class=\"accordion\">\n\n\t<div id=\"accordion-17086827\" class=\"accordion-item\">\n\t\t<a id=\"accordion-17086827-label\" class=\"accordion-title plain\" href=\"#accordion-item-\u00bfes-necesario-tener-un-equipo-comercial-internacional-ya-establecido?\" aria-expanded=\"false\" aria-controls=\"accordion-17086827-content\" >\n\t\t\t<button class=\"toggle\" aria-label=\"Toggle\"><i class=\"icon-angle-down\"><\/i><\/button>\n\t\t\t<span>\u00bfEs necesario tener un equipo comercial internacional ya establecido?<\/span>\n\t\t<\/a>\n\t\t<div id=\"accordion-17086827-content\" class=\"accordion-inner\" aria-labelledby=\"accordion-17086827-label\" >\n\t\t\t\n\n<p>No. MagisAvenir puede intervenir de forma aut\u00f3noma o en complemento de un equipo interno. El objetivo es encontrar las mejores soluciones de expansi\u00f3n en el pa\u00eds de destino que nos sustituya a medio o largo plazo ! <\/p>\n\n\t\t<\/div>\n\t<\/div>\n\t\n\t<div id=\"accordion-1783000074\" class=\"accordion-item\">\n\t\t<a id=\"accordion-1783000074-label\" class=\"accordion-title plain\" href=\"#accordion-item-\u00bfacompa\u00f1an-proyectos-internacionales?\" aria-expanded=\"false\" aria-controls=\"accordion-1783000074-content\" >\n\t\t\t<button class=\"toggle\" aria-label=\"Toggle\"><i class=\"icon-angle-down\"><\/i><\/button>\n\t\t\t<span>\u00bfAcompa\u00f1an proyectos internacionales?<\/span>\n\t\t<\/a>\n\t\t<div id=\"accordion-1783000074-content\" class=\"accordion-inner\" aria-labelledby=\"accordion-1783000074-label\" >\n\t\t\t\n\n<p>S\u00ed, aunque nos concentramos en proyectos en Francia y Espa\u00f1a, gracias a una doble experiencia sobre el terreno. Soy Delegada Francia de la Asociaci\u00f3n Espa\u00f1ola Multisectorial de Microempresas (<a href=\"https:\/\/www.asociacionmicroempresas.com\" target=\"_blank\" rel=\"noopener\">AEMME<\/a>) que cuenta con Delegaciones en Am\u00e9rica Latina, con multitud de experiencias en el desarrollo internacional. Tambi\u00e9n tenemos colaborares externos en toda Europa, USA, y soy Embajadora del \u00c1gora Par\u00eds de la <a href=\"https:\/\/worldhappiness.foundation\" target=\"_blank\" rel=\"noopener\">Fundaci\u00f3n de la Felicidad<\/a>, presente en todo el mundo.  <\/p>\n\n\t\t<\/div>\n\t<\/div>\n\t\n\t<div id=\"accordion-870951106\" class=\"accordion-item\">\n\t\t<a id=\"accordion-870951106-label\" class=\"accordion-title plain\" href=\"#accordion-item-\u00bfcu\u00e1nto-tiempo-dura-una-misi\u00f3n?\" aria-expanded=\"false\" aria-controls=\"accordion-870951106-content\" >\n\t\t\t<button class=\"toggle\" aria-label=\"Toggle\"><i class=\"icon-angle-down\"><\/i><\/button>\n\t\t\t<span>\u00bfCu\u00e1nto tiempo dura una misi\u00f3n?<\/span>\n\t\t<\/a>\n\t\t<div id=\"accordion-870951106-content\" class=\"accordion-inner\" aria-labelledby=\"accordion-870951106-label\" >\n\t\t\t\n\n<p>La mayor\u00eda de nuestros acompa\u00f1amientos duran entre 9 y 24 meses, pero tambi\u00e9n proponemos misiones puntuales o de consultor\u00eda estrat\u00e9gica.<\/p>\n\n\t\t<\/div>\n\t<\/div>\n\t\n\n<\/div>\n\n\t\t<\/div>\n\t\t\t\t\n<style>\n#col-2055444012 > .col-inner {\n  margin: 60px 0px 60px 0px;\n}\n<\/style>\n\t<\/div>\n\n\t\n\n<\/div>\n<div class=\"message-box relative dark\" style=\"padding-top:200px;padding-bottom:200px;\"><div class=\"message-box-bg-image bg-fill fill\" style=\"background-image:url(https:\/\/magisavenir.com\/wp-content\/uploads\/2025\/05\/contact-magisavenir-pexels-mutecevvil-1024x683.jpg);\"><\/div><div class=\"message-box-bg-overlay bg-fill fill\" style=\"background-color:rgba(0, 0, 0, 0.262);\"><\/div><div class=\"container relative\"><div class=\"inner last-reset\">\n\n<div class=\"row align-middle align-center\"  id=\"row-22994095\">\n\n\n\t<div id=\"col-65574212\" class=\"col medium-8 small-12 large-8\"  >\n\t\t\t\t<div class=\"col-inner\"  >\n\t\t\t\n\t\t\t\n\n<div class=\"container section-title-container\" ><h2 class=\"section-title section-title-normal\"><b><\/b><span class=\"section-title-main\" >\u00bfPrimera vez aqu\u00ed? Aprenda m\u00e1s sobre el enfoque MagisAvenir <\/span><b><\/b><\/h2><\/div>\n\n<p>Detr\u00e1s de MagisAvenir se encuentra Tatiana Dary, estratega en business development de energ\u00eda comunicativa, al servicio de proyectos comprometidos, \u00e1giles y ambiciosos. <\/p>\n\n\t\t<\/div>\n\t\t\t\t\t<\/div>\n\n\t\n\n\t<div id=\"col-1190548264\" class=\"col medium-3 small-12 large-3 col-hover-fade\"  >\n\t\t\t\t<div class=\"col-inner text-center\"  >\n\t\t\t\n\t\t\t\n\n<a href=\"https:\/\/magisavenir.com\/es\/acerca-de\/\" class=\"button primary expand\" style=\"padding:25px 30px 20px 30px;\">\n\t\t<span>Escr\u00edbenos<\/span>\n\t<\/a>\n\n\n\n\t\t<\/div>\n\t\t\t\t\n<style>\n#col-1190548264 > .col-inner {\n  padding: 0px 0px 0px 30px;\n  margin: 0px 0px 0px 0px;\n}\n<\/style>\n\t<\/div>\n\n\t\n\n<\/div>\n\n<\/div><\/div><\/div>\n\n","protected":false},"excerpt":{"rendered":"","protected":false},"author":1,"featured_media":0,"parent":0,"menu_order":5,"comment_status":"closed","ping_status":"closed","template":"page-blank.php","meta":{"footnotes":""},"class_list":["post-603","page","type-page","status-publish","hentry"],"_links":{"self":[{"href":"https:\/\/magisavenir.com\/es\/wp-json\/wp\/v2\/pages\/603","targetHints":{"allow":["GET"]}}],"collection":[{"href":"https:\/\/magisavenir.com\/es\/wp-json\/wp\/v2\/pages"}],"about":[{"href":"https:\/\/magisavenir.com\/es\/wp-json\/wp\/v2\/types\/page"}],"author":[{"embeddable":true,"href":"https:\/\/magisavenir.com\/es\/wp-json\/wp\/v2\/users\/1"}],"replies":[{"embeddable":true,"href":"https:\/\/magisavenir.com\/es\/wp-json\/wp\/v2\/comments?post=603"}],"version-history":[{"count":27,"href":"https:\/\/magisavenir.com\/es\/wp-json\/wp\/v2\/pages\/603\/revisions"}],"predecessor-version":[{"id":2100,"href":"https:\/\/magisavenir.com\/es\/wp-json\/wp\/v2\/pages\/603\/revisions\/2100"}],"wp:attachment":[{"href":"https:\/\/magisavenir.com\/es\/wp-json\/wp\/v2\/media?parent=603"}],"curies":[{"name":"wp","href":"https:\/\/api.w.org\/{rel}","templated":true}]}}